{"id":16747,"date":"2024-10-10T14:02:41","date_gmt":"2024-10-10T12:02:41","guid":{"rendered":"https:\/\/vandralasteaed.pparnumaa.ee\/?page_id=16747"},"modified":"2025-10-14T17:40:12","modified_gmt":"2025-10-14T15:40:12","slug":"tunnustamine","status":"publish","type":"page","link":"https:\/\/vandralasteaed.pparnumaa.ee\/?page_id=16747","title":{"rendered":"Tunnustamine"},"content":{"rendered":"\n<p><a href=\"https:\/\/www.tsitaat.com\/tsitaadid\/autorid\/sigmund_freud\/1380\">Armastus ja t\u00f6\u00f6 on inimlikkuse nurgakivid.<\/a><\/p>\n\n\n\n<figure class=\"wp-block-image size-large is-resized\"><a href=\"https:\/\/vandralasteaed.pparnumaa.ee\/wp-content\/uploads\/2025\/10\/op.paev-2.jpg\"><img loading=\"lazy\" decoding=\"async\" width=\"987\" height=\"1024\" src=\"https:\/\/vandralasteaed.pparnumaa.ee\/wp-content\/uploads\/2025\/10\/op.paev-2-987x1024.jpg\" alt=\"\" class=\"wp-image-17460\" style=\"width:308px;height:auto\" srcset=\"https:\/\/vandralasteaed.pparnumaa.ee\/wp-content\/uploads\/2025\/10\/op.paev-2-987x1024.jpg 987w, https:\/\/vandralasteaed.pparnumaa.ee\/wp-content\/uploads\/2025\/10\/op.paev-2-289x300.jpg 289w, https:\/\/vandralasteaed.pparnumaa.ee\/wp-content\/uploads\/2025\/10\/op.paev-2-768x796.jpg 768w, https:\/\/vandralasteaed.pparnumaa.ee\/wp-content\/uploads\/2025\/10\/op.paev-2-1200x1245.jpg 1200w, https:\/\/vandralasteaed.pparnumaa.ee\/wp-content\/uploads\/2025\/10\/op.paev-2.jpg 1213w\" sizes=\"(max-width: 709px) 85vw, (max-width: 909px) 67vw, (max-width: 1362px) 62vw, 840px\" \/><\/a><\/figure>\n\n\n\n<p class=\"has-medium-font-size\"><strong>URVE J\u00dcRJETS &#8211; P\u00f5hja-P\u00e4rnumaa valla 2025 &#8220;Aasta Lasteaia \u00d5petaja&#8221;<\/strong><\/p>\n\n\n\n<p>Alates 1. augustist 1981. aastast on V\u00e4ndra Lasteaias t\u00f6\u00f6tanud \u00f5petaja Urve, kelle p\u00fchendumus, loovus ja kohusetunne on olnud aastak\u00fcmneid eeskujuks nii lastele, kolleegidele kui ka lapsevanematele.<\/p>\n\n\n\n<p>Urve on silmapaistev pedagoog, kelle t\u00f6\u00f6meetodid ja tegevused on alati p\u00f5hjalikult ette valmistatud, sisukad ja lastele arendavad. Tema juhtimisel on r\u00fchmas korraldatud erinevaid n\u00e4ituseid (k\u00fc\u00fcnla-, j\u00f5ulukaardi- jpt), ellu viidud \u00f5ppeprojekte nagu \u201eSeemnest saagini\u201c ning igal aastal osaletud lugemis-, joonistus- ja k\u00e4elistes projektides. Tema algatusel t\u00e4histatakse r\u00fchmas ka rahvusvahelisi t\u00e4htp\u00e4evi ning korraldatakse lastele v\u00e4ljas\u00f5ite ja matku, mille toimumiseks leiab ta toetajad.<\/p>\n\n\n\n<p>Urve on oma olemuselt kohusetundlik, t\u00e4pne, aus ja j\u00e4rjekindel. Ta on kolleegide seas hinnatud koost\u00f6\u00f6partner, kes jagab meelsasti oma ideid ja toetab meeskonda. Lastega suhtleb ta alati s\u00f5bralikult, soojalt ja \u00f5iglaselt, andes neile v\u00f5imaluse iseseisvalt \u00f5ppida, katsetada ja eksimustest \u00f5ppida. Individuaalses t\u00f6\u00f6s l\u00e4htub ta iga lapse erip\u00e4rast ning on alati seadnud esikohale laste heaolu ja arengu.<\/p>\n\n\n\n<p>Kunsti ja kultuuri v\u00e4\u00e4rtustajana on Urve lavastanud hulgaliselt n\u00e4idendeid, loonud ja jaganud mitmeid n\u00e4ituseid ning dokumenteerinud p\u00f5hjalikult laste loomingut ja \u00fctlusi. Tema t\u00f6\u00f6 tulemusi on tunnustatud nii lastevanemate, kolleegide kui ka kogukonna poolt.<\/p>\n\n\n\n<p>Urve on oma aususe, leidlikkuse, n\u00f5udlikkuse ja heatahtlikkusega loonud suure v\u00e4\u00e4rtuse V\u00e4ndra Lasteaiale. Tema hindamatu panus laste arengusse, koost\u00f6\u00f6sse lapsevanemate ja kogukonnaga ning lasteaia maine kujundamisse v\u00e4\u00e4rib tunnustust ja austust.<\/p>\n\n\n\n<p>Oleme uhked, et Urve on meie lasteaia \u00f5petaja!<\/p>\n\n\n\n<h2 class=\"wp-block-heading has-medium-font-size\">EREENE PERNER P\u00f5hja-P\u00e4rnumaa valla 2025 &#8220;Eluaegne alusharidusse panustaja&#8221;<\/h2>\n\n\n\n<p>Ereene \u00f5petajatee sai alguse 1977. aastal V\u00e4ndra Lasteaias, kohe p\u00e4rast \u00fclikooli l\u00f5petamist. Sellest hetkest alates on ta k\u00e4inud oma kutsumuse teed v\u00e4\u00e4rikalt, p\u00fchendumuse ja s\u00fcdamega. Tema t\u00f6\u00f6 on olnud t\u00e4is soojust, armastust ning ehtsat kohalolu, mis on saatnud Ereenet igas tema ametisammus.<\/p>\n\n\n\n<p>Pikka aega juhtis Ereene lasteaeda direktorina, olles eeskujuks nii kolleegidele kui ka lapsevanematele. Viimased 13 aastat on ta taas oma laste ja lastelaste k\u00f5rvalt p\u00fchendanud aega Vihtra r\u00fchma lastele, kinkides neile teadmisi, t\u00e4helepanu ja hoolt.<\/p>\n\n\n\n<p>Ereene k\u00f5rval on iga kolleeg tundnud end v\u00e4\u00e4rtuslikuna \u2013 ta on olnud usaldusv\u00e4\u00e4rne, s\u00f5bralik, toetav ning alati valmis kaasa m\u00f5tlema ja aitama. Tema kohusetunne ja paindlikkus on loonud t\u00f6\u00f6le kindla r\u00fctmi, tema ilutunnetus ja k\u00e4sit\u00f6\u00f6armastus on rikastanud nii laste kui ka t\u00e4iskasvanute meeli.<\/p>\n\n\n\n<p>Ereene teadmised, kogemused ja oskus neid edasi anda on imetlusv\u00e4\u00e4rsed. Ereene on \u00d5PETAJA k\u00f5ige kaunimas t\u00e4henduses \u2013 soe, lahke, tasane, heas\u00fcdamlik ja hoolitsev. Tema energilised ideed ja siiras s\u00fcdamlikkus on j\u00e4\u00e4nud paljudele meelde nagu kallis vanaema, kelle juures on alati turvaline ja hea.<\/p>\n\n\n\n<p>T\u00e4na, kui Ereene on j\u00f5udnud oma v\u00e4ljateenitud puhkusele, saadame ta teele suure t\u00e4nutunde ja s\u00fcgava austusega. Tema t\u00f6\u00f6 ja eeskuju j\u00e4\u00e4vad elama meie k\u00f5igi s\u00fcdamesse.<\/p>\n\n\n\n<p>Suur ait\u00e4h, Ereene \u2013 meie suurte t\u00e4htedega \u00d5PETAJA!<\/p>\n\n\n\n<p class=\"has-medium-font-size\"><strong>ENE P\u00c4RNSEIN &#8211; P\u00f5hja-P\u00e4rnumaa valla t\u00e4nukiri 202<\/strong>5<\/p>\n\n\n\n<p> Meil on suur au t\u00e4nada Ene P\u00e4rnsein&#8217;i s\u00fcdamega tehtud t\u00f6\u00f6 ja p\u00fchendumuse eest. Ta on andnud 45 aastat oma elust meie lasteaiale \u2013 inimest, kelle panus on hindamatu ja kelle t\u00f6\u00f6 on j\u00e4tnud s\u00fcgava j\u00e4lje sadadesse v\u00e4ikestesse s\u00fcdametesse. <\/p>\n\n\n\n<p>\u00d5petaja Ene on olnud meie lasteaia t\u00f5eline s\u00fcda. Tema r\u00f5\u00f5mus ja s\u00f5bralik olek on loonud lastele turvalise ja sooja kasvukeskkonna. Ta on alati olnud uuendusmeelne ja kaasaegne, avatud uutele ideedele ning valmis neid julgelt ellu viima. Samal ajal on ta j\u00e4\u00e4nud nooruslikuks \u2013 tema s\u00e4ravad silmad ja energia innustavad nii lapsi kui ka kolleege.<\/p>\n\n\n\n<p>Eriti soovime esile t\u00f5sta Ene oskust korraldada pidusid ja etteasteid \u2013 iga \u00fcritus tema k\u00e4e all on olnud t\u00e4is loomingulisust, ilu ja r\u00f5\u00f5mu. Ta on viinud meie lapsi ka lasteaia seinte vahelt v\u00e4lja, esinema ja s\u00e4rama laiemas maailmas. Nii on ta andnud neile enesekindlust ja v\u00e4\u00e4rtuslikke kogemusi, mis j\u00e4\u00e4vad nendega kogu eluks.<\/p>\n\n\n\n<p>Kallis \u00d5petaja Ene, oled t\u00f5estanud, et see t\u00f6\u00f6 v\u00f5ib olla elut\u00f6\u00f6 \u2013 t\u00f6\u00f6, mis on t\u00e4is r\u00f5\u00f5mu, loomingut ja t\u00e4hendust.<\/p>\n\n\n\n<p>\u00dctleme Enele suur ait\u00e4h! Ait\u00e4h aastate eest, ait\u00e4h p\u00fchendumuse eest, ait\u00e4h selle sooja s\u00fcdame eest, mis ta on meie lastele kinkinud. Soovime, et tal j\u00e4tkuks j\u00f5udu, r\u00f5\u00f5mu ja tervist veel paljudeks aastateks.<\/p>\n\n\n\n<p>Palju \u00f5nne ja s\u00fcgav kummardus Enele!<\/p>\n\n\n\n<p class=\"has-medium-font-size\"><strong>ANGELA L\u00d5HMUS- P\u00f5hja-P\u00e4rnumaa valla 2025 &#8220;Aasta \u00f5ppeasutuse juht&#8221;<\/strong><\/p>\n\n\n\n<p>Meie lasteaia juht on inimene, kelle t\u00f6\u00f6 ja p\u00fchendumus on m\u00e4rkimisv\u00e4\u00e4rsed. Teda iseloomustab suur s\u00fcda, soe hoiak ja siiras huvi iga lapse ning t\u00f6\u00f6taja heaolu vastu. Tema juhtimisstiil loob turvalise ja toetava \u00f5hkkonna, kus iga\u00fcks tunneb end v\u00e4\u00e4rtustatuna ja sinna kuuluvana. Ta eeskujuks oma p\u00fchendumuse ja sihikindlusega &#8211; tema jaoks ei ole olemas probleemi, millele ei leiaks lahendust. Ta suudab keerulistes olukordades s\u00e4ilitada rahu, otsida v\u00f5imalusi ja innustada ka teisi m\u00f5tlema loovalt ning julgelt. T\u00e4nu tema innovaatilisele m\u00f5tteviisile areneb asutus pidevalt ning on avatud uutele ideedele ja v\u00f5imalustele.<\/p>\n\n\n\n<p>Ta toetab ja innustab t\u00f6\u00f6tajaid \u00f5ppima, arenema ning oma tugevusi rakendama. Tema juhitud meeskond on motiveeritud, \u00fchtne ja valmis koos edasi liikuma. Eriline v\u00e4\u00e4rtus on tema oskus m\u00e4rgata iga\u00fcht &#8211; olgu see laps v\u00f5i kolleeg &#8211; ning luua tingimused, kus iga\u00fcks saab kasvada ja tunda, et tema panus on oluline.<\/p>\n\n\n\n<p>Juhi t\u00f6\u00f6 on tihti ajamahukas, kuid t\u00e4nu tema toetavale perele on ta saanud panustada ka suure osa oma vabast ajast, et asutuse t\u00f6\u00f6 kulgeks ladusalt. <\/p>\n\n\n\n<p>Kokkuv\u00f5ttes on tegemist v\u00e4ga innovaatilise ja inspireeriva juhiga, kes on oma t\u00f6\u00f6s inimesi armastav eestvedaja. Tema panus meie asutuse arengusse on hindamatu ning tema m\u00f5ju ulatub palju kaugemale kui igap\u00e4evased t\u00f6\u00f6\u00fclesanded &#8211; ta on loonud kultuuri, mis v\u00e4\u00e4rtustab \u00f5ppimist, koost\u00f6\u00f6d ja s\u00fcdamega tehtud t\u00f6\u00f6d.<\/p>\n\n\n\n<p><\/p>\n\n\n\n<p class=\"has-medium-font-size\"><strong>MIRJAM VOOR- P\u00f5hja-P\u00e4rnumaa valla 2024 &#8220;Aasta Lapse Hea Toetaja&#8221;<\/strong><\/p>\n\n\n\n<p>V\u00e4ndra Lasteaial on vedanud, et meil on selline \u00f5petaja abi nagu Mirjam Voor!<\/p>\n\n\n\n<p>Mirjam panustab rohkem, kui \u00f5petaja abilt oodatakse. R\u00fchmas, kus Mirjam \u00f5petaja abina t\u00f6\u00f6tab, diagnoositi \u00fchel lapsel haigus, mis muutis selle lapse igap\u00e4evase elu keerulisemaks v\u00f5rreldes r\u00fchmakaaslastega. Lapse toetamiseks parimal v\u00f5imalikul viisil l\u00e4bis Mirjam koolituse, t\u00e4iendas oma teadmisi iseseisvalt, tegi tihedat koost\u00f6\u00f6d lapsevanemaga. Mirjam v\u00f5ttis enda kanda vastutuse selle lapse heaolu ja tervise k\u00fcsimustes lasteaias viibimise ajal. Lasteaed on koht, kus laps viibib v\u00e4ga suure osa oma p\u00e4evast ja n\u00e4dalast. Mirjami moto on, et \u201csee laps on tavaline laps teiste laste seas\u201d. Vaatamata sellele, et selle lapse igap\u00e4ev lasteaias on oluliselt erinev oma eakaaslastest. Mirjam reageeris lapse diagnoosist tulenevatele olukordadele m\u00e4rkamatult ning sellele liigset t\u00e4helepanu t\u00f5mbamata, olles valmis ka ootamatuteks olukordadeks. Mirjami tegutsemise oskus ning suhtumine on andnud sellele lapsele enesekindluse ja positiivse enesehinnangu ka j\u00e4rgnevateks etappideks tema elus. Samuti on Mirjami tegutsemisviis m\u00f5jutanud positiivselt selle r\u00fchma lapsi. Lapsed on kaasa saanud teadmised, et hoolimine on vaikne, tavap\u00e4rane ja iseenesest m\u00f5istetav.&nbsp;<\/p>\n\n\n\n<p>Samal ajal on Mirjamil \u00f5petaja abi igap\u00e4evased t\u00f6\u00f6\u00fclesanded t\u00e4idetud perfektselt ning justkui m\u00f6\u00f6daminnes ja m\u00e4rkamatult lahendatud ka r\u00fchma teistel lastel tekkinud olukorrad. Lisaks&nbsp; oskab ta juhendada ka kolleege s\u00f5bralikul ning toetaval viisil.&nbsp;<\/p>\n\n\n\n<p>Mirjam ei ole lihtsalt meie kollektiivi v\u00f5i r\u00fchmameeskonna liige. Tema puudutus j\u00f5uab k\u00f5igini, nii laste, kolleegide kui ka lastevanemateni.&nbsp;<\/p>\n\n\n\n<figure class=\"wp-block-image size-medium\"><a href=\"https:\/\/vandralasteaed.pparnumaa.ee\/wp-content\/uploads\/2024\/10\/Mirjam-Voor-2.jpg\"><img loading=\"lazy\" decoding=\"async\" width=\"225\" height=\"300\" src=\"https:\/\/vandralasteaed.pparnumaa.ee\/wp-content\/uploads\/2024\/10\/Mirjam-Voor-2-225x300.jpg\" alt=\"\" class=\"wp-image-16770\" srcset=\"https:\/\/vandralasteaed.pparnumaa.ee\/wp-content\/uploads\/2024\/10\/Mirjam-Voor-2-225x300.jpg 225w, https:\/\/vandralasteaed.pparnumaa.ee\/wp-content\/uploads\/2024\/10\/Mirjam-Voor-2-768x1024.jpg 768w, https:\/\/vandralasteaed.pparnumaa.ee\/wp-content\/uploads\/2024\/10\/Mirjam-Voor-2-1152x1536.jpg 1152w, https:\/\/vandralasteaed.pparnumaa.ee\/wp-content\/uploads\/2024\/10\/Mirjam-Voor-2-1200x1600.jpg 1200w, https:\/\/vandralasteaed.pparnumaa.ee\/wp-content\/uploads\/2024\/10\/Mirjam-Voor-2.jpg 1536w\" sizes=\"(max-width: 225px) 85vw, 225px\" \/><\/a><\/figure>\n\n\n\n\n\n<p class=\"has-medium-font-size\"><strong>AIRIN LAASMA V\u00e4ndra Lasteaia 2024 Aasta \u00d5petaja<\/strong><\/p>\n\n\n\n<p>Airin Laasma alustas V\u00e4ndra Lasteaias \u00f5petaja abi ametikohal 2016.aasta kevadel. T\u00f6\u00f6 ja pereelu \u00fchildades omandas Airin k\u00f5rghariduse ning v\u00f5ttis 2022.aasta algusest vastu v\u00e4ljakutse asuda \u00f5petaja ametikohale. \u00d5petajana panustab Airin veelgi enam \u00f5ppe- ja kasvatust\u00f6\u00f6sse.&nbsp;<\/p>\n\n\n\n<p>Airin panustab terve V\u00e4ndra Lasteaia tegevustesse. Ta on V\u00e4ndra Lasteaia robootika t\u00f6\u00f6r\u00fchma ning TEL (Terviste Edendava Lasteaia) t\u00f6\u00f6r\u00fchma aktiivne liige.&nbsp;<\/p>\n\n\n\n<p>23\/24 \u00f5ppeaastal esitas Airin PRIA projekti taotluse, mille tulemusena tutvustati V\u00e4ndra Lasteaia lastele mahladest valmistatud tervislikke magustoitute.&nbsp;<\/p>\n\n\n\n<p>Naiskodukaitsjana on Airini eestvedamisel ja juhendamisel juba kahel aastal V\u00e4ndra jaoskonna Naiskodukaitsjad ja V\u00e4ndra Kodut\u00fctred andnud edasi V\u00e4ndra Lasteaia koolieelikutele teadmisi ja oskusi metsatarkuste kohta.&nbsp;<\/p>\n\n\n\n<p>Airin on \u00f5petajana alati uutele ideedele ning m\u00f5tetele avatud. \u00d5petajana on Airin hoolitsev, s\u00f5bralik, rahulik, selgitab kannatlikult, l\u00e4htub iga lapse individuaalsetest vajadustest. Airin n\u00f5ustab ja juhendab ka lapsevanemaid lapse toetamise v\u00f5imalustest.<\/p>\n\n\n\n<p>Ta kasutab erinevaid kaasaegseid \u00f5petamismeetodeid rikastades laste \u00f5ppe- ja kasvatustegevusi, milles lapsed on aktiivsed osalejad. Airini jaoks on oluline, et tegevused oleks lastele huvitavad, kaasahaaravad, s\u00fctitades lastes uudishimu saamaks rohkem teadmisi ja kogemusi.<\/p>\n\n\n\n<p>Airin on ise \u00e4\u00e4rmiselt \u00f5pihimuline ning ta j\u00e4tkuvalt t\u00e4iendab ennast erinevates valdkondades, mis on temast kujundanud s\u00e4rava mitmek\u00fclgsete huvide ja oskustega inimese ja \u00f5petaja.&nbsp;<\/p>\n\n\n\n<p>\u00d5petaja Airin Laasma on eeskujuks oma tegevustega laste arengusse kolleegidele, lastevanematele, lastele ja kogukonnale. <\/p>\n\n\n\n<figure class=\"wp-block-image size-medium\"><a href=\"https:\/\/vandralasteaed.pparnumaa.ee\/wp-content\/uploads\/2024\/10\/Airin-Laasam-2024.jpg\"><img loading=\"lazy\" decoding=\"async\" width=\"169\" height=\"300\" src=\"https:\/\/vandralasteaed.pparnumaa.ee\/wp-content\/uploads\/2024\/10\/Airin-Laasam-2024-edited-169x300.jpg\" alt=\"\" class=\"wp-image-16778\" srcset=\"https:\/\/vandralasteaed.pparnumaa.ee\/wp-content\/uploads\/2024\/10\/Airin-Laasam-2024-edited-169x300.jpg 169w, https:\/\/vandralasteaed.pparnumaa.ee\/wp-content\/uploads\/2024\/10\/Airin-Laasam-2024-edited-576x1024.jpg 576w, https:\/\/vandralasteaed.pparnumaa.ee\/wp-content\/uploads\/2024\/10\/Airin-Laasam-2024-edited-768x1365.jpg 768w, https:\/\/vandralasteaed.pparnumaa.ee\/wp-content\/uploads\/2024\/10\/Airin-Laasam-2024-edited-864x1536.jpg 864w, https:\/\/vandralasteaed.pparnumaa.ee\/wp-content\/uploads\/2024\/10\/Airin-Laasam-2024-edited.jpg 1152w\" sizes=\"(max-width: 169px) 85vw, 169px\" \/><\/a><\/figure>\n\n\n\n<h2 class=\"wp-block-heading has-medium-font-size\">KRISTEL TUISK P\u00f5hja-P\u00e4rnumaa valla 2023 &#8220;Aasta Lasteaia \u00d5petaja&#8221;<\/h2>\n\n\n\n<p>Kristel Tuisk on erakordne \u00f5petaja, kelle sees p\u00f5leb sisemine tuli ja inspiratsioon oma t\u00f6\u00f6 vastu, olles iga lapse arengu toetaja, suurep\u00e4rane kolleeg ning \u00f5petaja.<\/p>\n\n\n\n<p>Kristeli \u00f5ppe-ja kasvatustegevused on alati eesm\u00e4rgistatud ning p\u00f5hjalikult planeeritud, huvitavad ning mitmek\u00fclgsed.<\/p>\n\n\n\n<p>Kristel korraldab r\u00fchmas poiste ja t\u00fcdrukute n\u00e4dalaid, kus k\u00f5ik lapsed saavad tegevusi valida oma huvist l\u00e4htudes, esineda ja n\u00e4idata M\u00fcrakaru maja perele oma \u00f5pitud oskuseid olgu selleks hundiratta viskamine, luuletuse lugemine v\u00f5i hoopis monoetendus Minecrafti arvutim\u00e4ngust.<\/p>\n\n\n\n<p>\u00d5htuse tegevusena on sageli n\u00e4ha teda koos lastega uusi roboteid katsetamas, usaldades ka lapsi ise protsessis osalema.&nbsp;<\/p>\n\n\n\n<p>\u00d5ppek\u00e4igud toimuva nii kunstisaali, loodusesse kui vallavanemale k\u00fclla. Juhtub ka, et h\u00fcpatakse hoopis kogu r\u00fchmaga jalgrataste selga, ning s\u00f5idetakse Lydia Koidula s\u00fcnnikohta uurima, kotis piknikukraam ning lastele luubid looduse uurimiseks.<\/p>\n\n\n\n<p>V\u00f5tab r\u00f5\u00f5muga vastu uued v\u00e4ljakutsed, olgu selleks uue kogemusena tugiisik r\u00fchmas v\u00f5i saksa praktikandi juhendamine.<\/p>\n\n\n\n<p>Kristel panustab organisatsiooni tegevusse kirjutades omal algatusel artikleid valla ajalehte, hallates M\u00fcrakaru maja pildigaleriid lasteaia kodulehel ning korrastades ja koostades maja kroonikat.<\/p>\n\n\n\n<p>Kristel on orienteeritud lahenduste leidmisele, tema superv\u00f5ime on kirjeldada lapsega seotud olukordi ilma hinnangut andmata ning panustama loovalt lahendusi leidma ning uusi m\u00f5tteid katsetama.<\/p>\n\n\n\n<p>Kristel v\u00e4\u00e4rtustab oma aega ja heaolu, luues tasakaalu era- ja t\u00f6\u00f6elu vahel. Oskab t\u00f5mmata ka pidurit.<\/p>\n\n\n\n<figure class=\"wp-block-image size-medium\"><a href=\"https:\/\/vandralasteaed.pparnumaa.ee\/wp-content\/uploads\/2024\/10\/Opetajate-paev-Kristel.jpg\"><img loading=\"lazy\" decoding=\"async\" width=\"240\" height=\"300\" src=\"https:\/\/vandralasteaed.pparnumaa.ee\/wp-content\/uploads\/2024\/10\/Opetajate-paev-Kristel-240x300.jpg\" alt=\"\" class=\"wp-image-16774\" srcset=\"https:\/\/vandralasteaed.pparnumaa.ee\/wp-content\/uploads\/2024\/10\/Opetajate-paev-Kristel-240x300.jpg 240w, https:\/\/vandralasteaed.pparnumaa.ee\/wp-content\/uploads\/2024\/10\/Opetajate-paev-Kristel.jpg 368w\" sizes=\"(max-width: 240px) 85vw, 240px\" \/><\/a><\/figure>\n\n\n\n<p><\/p>\n\n\n\n<p class=\"has-medium-font-size\"><strong>V\u00e4ndra Lasteaia TEL (Tervist Edendava Lasteaia) meeskond &#8211; P\u00f5hja-P\u00e4rnumaa valla t\u00e4nukiri 2023<\/strong><\/p>\n\n\n\n<p>V\u00e4ndra Lasteaed kui suur tervise ja liikumise s\u00f5ber!<br>Nende pealehakkamine on kaasahaarav. Tegevustesse on kaasatud kogu personal, lapsed, vanemad. Nende tegevuse eesm\u00e4rk on laste ja t\u00f6\u00f6tajate tervise hoidmine, tugevdamine, liikumise suurendamine, tervislike eluviiside ja \u2013hoiakute v\u00e4\u00e4rtustamine, s\u00f5braliku ja turvalise keskkonna loomine. TEL meeskond on valinud t\u00f6\u00f6tajatele igaks kuuks erineva liikumisviisi: nt k\u00f5nniringid, ujumine, jalgrattas\u00f5it, uisutamine, kelgutamine. TEL-i<br>initsiatiivil on V\u00e4ndra Lasteaia personal motiveeritud igan\u00e4dalaselt \u00fchiselt liikuma. TEL meeskond on esitanud advendihommikutel erinevates \u00f5ppekohtades n\u00e4idendeid laste teadlikkuse t\u00f5stmiseks tervislikest eluviisidest.<br>V\u00e4ndra Lasteaia lastele korraldatakse lasteaia \u00fcleseid tervise\u00fcritusi: nt \u00fchine vastlap\u00e4ev, s\u00fcdamen\u00e4dal, talveol\u00fcmpia jne. Pered on kaasatud tervisetegevustesse kevadiste k\u00f5nniringidega \u00fcmber lasteaia majade.<br>Oodatuim s\u00fcndmus on traditsiooniline perespordip\u00e4ev, millesse on kaasatud pered, personal ning kogukond.<br>Ja nagu on \u00f6elnud Jean- Jacques Rousseau \u201eK\u00e4imine ja liikumine soodustavad ajutegevust ja m\u00f5ttet\u00f6\u00f6d.&#8221; TEL meeskond on meid sellele teele suunanud.<br><\/p>\n\n\n\n<figure class=\"wp-block-image size-medium\"><a href=\"https:\/\/vandralasteaed.pparnumaa.ee\/wp-content\/uploads\/2024\/10\/Opetajate-paev-TEL-1.png\"><img loading=\"lazy\" decoding=\"async\" width=\"300\" height=\"193\" src=\"https:\/\/vandralasteaed.pparnumaa.ee\/wp-content\/uploads\/2024\/10\/Opetajate-paev-TEL-1-300x193.png\" alt=\"\" class=\"wp-image-16775\" srcset=\"https:\/\/vandralasteaed.pparnumaa.ee\/wp-content\/uploads\/2024\/10\/Opetajate-paev-TEL-1-300x193.png 300w, https:\/\/vandralasteaed.pparnumaa.ee\/wp-content\/uploads\/2024\/10\/Opetajate-paev-TEL-1-1024x660.png 1024w, https:\/\/vandralasteaed.pparnumaa.ee\/wp-content\/uploads\/2024\/10\/Opetajate-paev-TEL-1-768x495.png 768w, https:\/\/vandralasteaed.pparnumaa.ee\/wp-content\/uploads\/2024\/10\/Opetajate-paev-TEL-1-1200x774.png 1200w, https:\/\/vandralasteaed.pparnumaa.ee\/wp-content\/uploads\/2024\/10\/Opetajate-paev-TEL-1.png 1301w\" sizes=\"(max-width: 300px) 85vw, 300px\" \/><\/a><\/figure>\n\n\n\n<p><\/p>\n\n\n\n<p class=\"has-medium-font-size\"><strong>TERJE KIIL &#8211; P\u00f5hja-P\u00e4rnumaa valla t\u00e4nukiri 2023<\/strong><\/p>\n\n\n\n<p>\u00d5petaja Terje Kiil tuli noore spetsialistina 1983. aasta augustis t\u00f6\u00f6le V\u00e4ndra Rukkilille lasteaeda ning on t\u00e4naseks t\u00f6\u00f6tanud siin 40 aastat olles austatud t\u00f6\u00f6kaaslane nii juba staa\u017eikatele kolleegidele kui ka uutele tulijatele. Terje motoks on tema enda s\u00f5nul \u201eTark ei torma\u201c. Teda \u00fcmbritseb alati m\u00f5nus rahulik \u00f5hkkond, mis on t\u00e4is igap\u00e4evaseid toimetamisi koos lastega ning uusi p\u00f5nevaid ideid ja projekte koost\u00f6\u00f6s r\u00fchmameeskonna ja kolleegidega.<br>Terje on aktiivne osav\u00f5tja lasten\u00e4idendite l\u00e4biviimisel, olgu selleks siis etendus, kus ta p\u00e4ikest m\u00e4ngib v\u00f5i hoopis koos oma \u00f5petaja abiga maagilist varjuteatrit tehes. Terjet iseloomustab huumoripisik, sageli on ta n\u00e4ol leebe naeratus v\u00f5i hoopis taskus kaarditrikk, mida j\u00f5uluvanale klassikalise luuletuse asemel esitada. Terje, olles pika kogemusega pedagoog, soovib j\u00e4tkuvalt t\u00e4iendada oma teadmisi, ning on avatud uuendustele. Tasa ja targu uurib ta robootikaseadmeid, tunneb r\u00f5\u00f5mu digisisu loomisest, kasvatab lastega koos v\u00f5rseid ning otsib uusi teadmisi keskkonnahoiu valdkonnas.<br>\u00d5petaja Terje Kiil on andnud hindamatu panuse alusharidusse!<\/p>\n\n\n\n<p><\/p>\n\n\n\n<p><\/p>\n","protected":false},"excerpt":{"rendered":"<p>Armastus ja t\u00f6\u00f6 on inimlikkuse nurgakivid. URVE J\u00dcRJETS &#8211; P\u00f5hja-P\u00e4rnumaa valla 2025 &#8220;Aasta Lasteaia \u00d5petaja&#8221; Alates 1. augustist 1981. aastast on V\u00e4ndra Lasteaias t\u00f6\u00f6tanud \u00f5petaja Urve, kelle p\u00fchendumus, loovus ja kohusetunne on olnud aastak\u00fcmneid eeskujuks nii lastele, kolleegidele kui ka lapsevanematele. Urve on silmapaistev pedagoog, kelle t\u00f6\u00f6meetodid ja tegevused on alati p\u00f5hjalikult ette valmistatud, sisukad &hellip; <a href=\"https:\/\/vandralasteaed.pparnumaa.ee\/?page_id=16747\" class=\"more-link\">Loe edasi<span class=\"screen-reader-text\"> &#8220;Tunnustamine&#8221;<\/span><\/a><\/p>\n","protected":false},"author":1,"featured_media":0,"parent":556,"menu_order":9,"comment_status":"closed","ping_status":"closed","template":"","meta":{"ngg_post_thumbnail":0,"footnotes":""},"_links":{"self":[{"href":"https:\/\/vandralasteaed.pparnumaa.ee\/index.php?rest_route=\/wp\/v2\/pages\/16747"}],"collection":[{"href":"https:\/\/vandralasteaed.pparnumaa.ee\/index.php?rest_route=\/wp\/v2\/pages"}],"about":[{"href":"https:\/\/vandralasteaed.pparnumaa.ee\/index.php?rest_route=\/wp\/v2\/types\/page"}],"author":[{"embeddable":true,"href":"https:\/\/vandralasteaed.pparnumaa.ee\/index.php?rest_route=\/wp\/v2\/users\/1"}],"replies":[{"embeddable":true,"href":"https:\/\/vandralasteaed.pparnumaa.ee\/index.php?rest_route=%2Fwp%2Fv2%2Fcomments&post=16747"}],"version-history":[{"count":15,"href":"https:\/\/vandralasteaed.pparnumaa.ee\/index.php?rest_route=\/wp\/v2\/pages\/16747\/revisions"}],"predecessor-version":[{"id":17464,"href":"https:\/\/vandralasteaed.pparnumaa.ee\/index.php?rest_route=\/wp\/v2\/pages\/16747\/revisions\/17464"}],"up":[{"embeddable":true,"href":"https:\/\/vandralasteaed.pparnumaa.ee\/index.php?rest_route=\/wp\/v2\/pages\/556"}],"wp:attachment":[{"href":"https:\/\/vandralasteaed.pparnumaa.ee\/index.php?rest_route=%2Fwp%2Fv2%2Fmedia&parent=16747"}],"curies":[{"name":"wp","href":"https:\/\/api.w.org\/{rel}","templated":true}]}}