{"id":617,"date":"2011-10-29T21:20:44","date_gmt":"2011-10-29T19:20:44","guid":{"rendered":"http:\/\/www.vandralasteaed.eu\/?page_id=617"},"modified":"2026-04-08T09:37:29","modified_gmt":"2026-04-08T07:37:29","slug":"personal-2","status":"publish","type":"page","link":"https:\/\/vandralasteaed.pparnumaa.ee\/?page_id=617","title":{"rendered":"Personal"},"content":{"rendered":"\n<h2 class=\"wp-block-heading\"><strong>JUHTKOND:<\/strong><\/h2>\n\n\n\n<div class=\"wp-block-group is-vertical is-layout-flex wp-container-core-group-is-layout-1 wp-block-group-is-layout-flex\">\n<p>&nbsp;Angela L\u00f5hmus &#8211; direktor<\/p>\n\n\n\n<p>&nbsp;Leila Suits &#8211; \u00f5ppejuht<\/p>\n\n\n\n<p>&nbsp;Siiri Sing &#8211; juhi assistent, andmekaitsespetsialist<\/p>\n<\/div>\n\n\n\n<h2 class=\"wp-block-heading\"><strong>&nbsp;TUGI<\/strong><strong>SPETSIALISTID:<\/strong><\/h2>\n\n\n\n<div class=\"wp-block-group is-vertical is-layout-flex wp-container-core-group-is-layout-2 wp-block-group-is-layout-flex\">\n<p>Reet Tedre &#8211; v\u00e4iker\u00fchma logopeed\/eripedagoog<\/p>\n\n\n\n<p>Eripedagoog &#8211; ametikoht t\u00e4itmata<\/p>\n\n\n\n<p>Inga Mutso &#8211; \u00fcldlogopeed<\/p>\n\n\n\n<p>Tugiteenuste koordinaator &#8211; Leila Suits<\/p>\n\n\n\n<h2 class=\"wp-block-heading\"><strong>\u00d5PETAJAD:<\/strong><\/h2>\n<\/div>\n\n\n\n<div class=\"wp-block-group is-vertical is-layout-flex wp-container-core-group-is-layout-3 wp-block-group-is-layout-flex\">\n<p>Getter Lindre, Mario M\u00e4gisalu- liikumis\u00f5petajad<\/p>\n\n\n\n<p>Ene P\u00e4rnsein- muusika\u00f5petaja Rukkilille majas<\/p>\n\n\n\n<p>Tiiu Vaino- muusika\u00f5petaja M\u00fcrakaru majas<\/p>\n\n\n\n<p>Kaja Saar- muusika\u00f5petaja Vihtra majas<\/p>\n\n\n\n<p><\/p>\n<\/div>\n\n\n\n<h4 class=\"wp-block-heading\"><strong>\u00d5PETAJAD, abi\u00f5petajad JA R\u00dcHMAD:<\/strong><\/h4>\n\n\n\n<h4 class=\"wp-block-heading\"><span style=\"text-decoration: underline;\"><strong>M\u00fcrakaru majas:<\/strong><\/span><\/h4>\n\n\n\n<h3 class=\"wp-block-heading\"><strong>&nbsp;<\/strong><strong>KAISUKARUD (1,5-3 a.)<\/strong><\/h3>\n\n\n\n<div class=\"wp-block-group is-vertical is-layout-flex wp-container-core-group-is-layout-4 wp-block-group-is-layout-flex\">\n<p>\u00d5petaja: Ave &nbsp;<\/p>\n\n\n\n<p>Abi\u00f5petajad: Piia, Olivia<\/p>\n\n\n\n<p>&nbsp;<\/p>\n\n\n\n<h3 class=\"wp-block-heading\"><strong>M\u00d5MMIKUD (2-7 a.)<\/strong><\/h3>\n<\/div>\n\n\n\n<div class=\"wp-block-group is-vertical is-layout-flex wp-container-core-group-is-layout-5 wp-block-group-is-layout-flex\">\n<p>\u00d5petaja: Ly<\/p>\n\n\n\n<p>Abi\u00f5petajad: Mirjam, Meriliis<\/p>\n<\/div>\n\n\n\n<h3 class=\"wp-block-heading\"><strong>MESIK\u00c4PAD <\/strong>(4-6 a.)<\/h3>\n\n\n\n<div class=\"wp-block-group is-vertical is-layout-flex wp-container-core-group-is-layout-6 wp-block-group-is-layout-flex\">\n<p>\u00d5petajad: Kristel, Silja&nbsp;<\/p>\n\n\n\n<p>Abi\u00f5petaja: Egle<\/p>\n<\/div>\n\n\n\n<h3 class=\"wp-block-heading\"><strong>M\u00dcRAKARUD (2-3 a.)<\/strong><\/h3>\n\n\n\n<div class=\"wp-block-group is-vertical is-layout-flex wp-container-core-group-is-layout-7 wp-block-group-is-layout-flex\">\n<p>\u00d5petajad: Liina, Eve&nbsp;<\/p>\n\n\n\n<p>Abi\u00f5petaja: Pille<\/p>\n\n\n\n<p>Tugiisik: Liilia<\/p>\n<\/div>\n\n\n\n<h4 class=\"wp-block-heading\"><span style=\"text-decoration: underline;\"><strong>Rukkilille majas:<\/strong><\/span><\/h4>\n\n\n\n<h3 class=\"wp-block-heading\"><strong>&nbsp;<\/strong><strong>PUHHID (6-7 a.)<\/strong><\/h3>\n\n\n\n<div class=\"wp-block-group is-vertical is-layout-flex wp-container-core-group-is-layout-8 wp-block-group-is-layout-flex\">\n<p>\u00d5petajad: Urve, Terje&nbsp;<\/p>\n\n\n\n<p>Abi\u00f5petaja:&nbsp; Lisell<\/p>\n<\/div>\n\n\n\n<h3 class=\"wp-block-heading\"><strong>SIPSIKUD <\/strong>(4-5 a.)<\/h3>\n\n\n\n<p>\u00d5petajad: Urve, Maire<\/p>\n\n\n\n<div class=\"wp-block-group is-vertical is-layout-flex wp-container-core-group-is-layout-9 wp-block-group-is-layout-flex\">\n<p>Abi\u00f5petaja: Piret&nbsp;<\/p>\n<\/div>\n\n\n\n<h3 class=\"wp-block-heading\"><strong>LEPATRIINUD (4-&nbsp;7 a.) V\u00c4IKER\u00dcHM<\/strong><\/h3>\n\n\n\n<div class=\"wp-block-group is-vertical is-layout-flex wp-container-core-group-is-layout-10 wp-block-group-is-layout-flex\">\n<p>\u00d5petajad: Sirje, K\u00fclli&nbsp;&nbsp;<\/p>\n\n\n\n<p>Abi\u00f5petaja: Urve&nbsp;<\/p>\n\n\n\n<p>Tugiisik: Malle<\/p>\n<\/div>\n\n\n\n<h3 class=\"wp-block-heading\"><strong>MESIMUMMID <\/strong>(5-6 a.)<\/h3>\n\n\n\n<p>\u00d5petajad: Esti, Airi&nbsp;<\/p>\n\n\n\n<div class=\"wp-block-group is-vertical is-layout-flex wp-container-core-group-is-layout-11 wp-block-group-is-layout-flex\">\n<p>Abi\u00f5petaja: Inga&nbsp;<\/p>\n<\/div>\n\n\n\n<h3 class=\"wp-block-heading\"><strong>P\u00c4IKESEJ\u00c4NKUD (1,5-3 a.)<\/strong><\/h3>\n\n\n\n<div class=\"wp-block-group is-vertical is-layout-flex wp-container-core-group-is-layout-12 wp-block-group-is-layout-flex\">\n<p>\u00d5petaja: \u00d5nneli&nbsp;<\/p>\n\n\n\n<p>Abi\u00f5petajad: Reelika, Liis<\/p>\n\n\n\n<p><\/p>\n\n\n\n<h3 class=\"wp-block-heading\"><strong>P\u00d5NNID (2-3 a.)<\/strong><\/h3>\n<\/div>\n\n\n\n<div class=\"wp-block-group is-vertical is-layout-flex wp-container-core-group-is-layout-13 wp-block-group-is-layout-flex\">\n<p>\u00d5petajad: Sirje, Airin&nbsp;<\/p>\n\n\n\n<p>Abi\u00f5petaja: Siret<\/p>\n<\/div>\n\n\n\n<p><\/p>\n\n\n\n<div class=\"wp-block-group is-vertical is-layout-flex wp-container-core-group-is-layout-14 wp-block-group-is-layout-flex\">\n<p class=\"has-medium-font-size\"><strong>\u00d5NNESEENED (3-4 a.)<\/strong><\/p>\n\n\n\n<p>\u00d5petaja: K\u00e4tlin<\/p>\n\n\n\n<p>Abi\u00f5petajad: Erlet, Triin<\/p>\n\n\n\n<p>Tugiisik: Margit<\/p>\n<\/div>\n\n\n\n<h3 class=\"wp-block-heading has-large-font-size\">&nbsp;<span style=\"text-decoration: underline;\"><strong>Vihtra \u00f5ppekoht:<\/strong><\/span><\/h3>\n\n\n\n<h3 class=\"wp-block-heading\"><strong>LIITR\u00dcHM&nbsp; (2- 7 a.)<\/strong><\/h3>\n\n\n\n<div class=\"wp-block-group is-vertical is-layout-flex wp-container-core-group-is-layout-15 wp-block-group-is-layout-flex\">\n<p>\u00d5petaja: Liivi<\/p>\n\n\n\n<p>Abi\u00f5petaja: Tiina<\/p>\n\n\n\n<p><\/p>\n<\/div>\n\n\n\n<div class=\"wp-block-group is-vertical is-layout-flex wp-container-core-group-is-layout-16 wp-block-group-is-layout-flex\">\n<p class=\"has-large-font-size\"><strong>K\u00d6\u00d6K <\/strong><\/p>\n\n\n\n<p class=\"has-small-font-size\"><br><strong>Peakokk <\/strong>&#8211; Sirje<\/p>\n\n\n\n<p><strong>Majahoidjad<\/strong> &#8211; Heigo ja Veiko<\/p>\n\n\n\n<p><strong>Kok<\/strong>k &#8211; Ave <\/p>\n\n\n\n<p><strong>Puhastusteenindaja<\/strong> &#8211; Lehte<\/p>\n<\/div>\n","protected":false},"excerpt":{"rendered":"<p>JUHTKOND: &nbsp;Angela L\u00f5hmus &#8211; direktor &nbsp;Leila Suits &#8211; \u00f5ppejuht &nbsp;Siiri Sing &#8211; juhi assistent, andmekaitsespetsialist &nbsp;TUGISPETSIALISTID: Reet Tedre &#8211; v\u00e4iker\u00fchma logopeed\/eripedagoog Eripedagoog &#8211; ametikoht t\u00e4itmata Inga Mutso &#8211; \u00fcldlogopeed Tugiteenuste koordinaator &#8211; Leila Suits \u00d5PETAJAD: Getter Lindre, Mario M\u00e4gisalu- liikumis\u00f5petajad Ene P\u00e4rnsein- muusika\u00f5petaja Rukkilille majas Tiiu Vaino- muusika\u00f5petaja M\u00fcrakaru majas Kaja Saar- muusika\u00f5petaja Vihtra majas &hellip; <a href=\"https:\/\/vandralasteaed.pparnumaa.ee\/?page_id=617\" class=\"more-link\">Loe edasi<span class=\"screen-reader-text\"> &#8220;Personal&#8221;<\/span><\/a><\/p>\n","protected":false},"author":1,"featured_media":0,"parent":0,"menu_order":0,"comment_status":"closed","ping_status":"open","template":"","meta":{"ngg_post_thumbnail":0,"footnotes":""},"_links":{"self":[{"href":"https:\/\/vandralasteaed.pparnumaa.ee\/index.php?rest_route=\/wp\/v2\/pages\/617"}],"collection":[{"href":"https:\/\/vandralasteaed.pparnumaa.ee\/index.php?rest_route=\/wp\/v2\/pages"}],"about":[{"href":"https:\/\/vandralasteaed.pparnumaa.ee\/index.php?rest_route=\/wp\/v2\/types\/page"}],"author":[{"embeddable":true,"href":"https:\/\/vandralasteaed.pparnumaa.ee\/index.php?rest_route=\/wp\/v2\/users\/1"}],"replies":[{"embeddable":true,"href":"https:\/\/vandralasteaed.pparnumaa.ee\/index.php?rest_route=%2Fwp%2Fv2%2Fcomments&post=617"}],"version-history":[{"count":141,"href":"https:\/\/vandralasteaed.pparnumaa.ee\/index.php?rest_route=\/wp\/v2\/pages\/617\/revisions"}],"predecessor-version":[{"id":17769,"href":"https:\/\/vandralasteaed.pparnumaa.ee\/index.php?rest_route=\/wp\/v2\/pages\/617\/revisions\/17769"}],"wp:attachment":[{"href":"https:\/\/vandralasteaed.pparnumaa.ee\/index.php?rest_route=%2Fwp%2Fv2%2Fmedia&parent=617"}],"curies":[{"name":"wp","href":"https:\/\/api.w.org\/{rel}","templated":true}]}}