{"id":619,"date":"2011-10-29T21:21:44","date_gmt":"2011-10-29T19:21:44","guid":{"rendered":"http:\/\/www.vandralasteaed.eu\/?page_id=619"},"modified":"2026-04-20T14:21:06","modified_gmt":"2026-04-20T12:21:06","slug":"dokumendid-2","status":"publish","type":"page","link":"https:\/\/vandralasteaed.pparnumaa.ee\/?page_id=619","title":{"rendered":"Dokumendid"},"content":{"rendered":"\n<p><a href=\"https:\/\/vandralasteaed.pparnumaa.ee\/wp-content\/uploads\/2025\/01\/Vandra-Lasteaia-arengukava-ja-arengukava-tegevuskava-2025-2027.pdf\">Vandra_ Lasteaia_ arengukava_2025-2027<\/a><\/p>\n\n\n\n<p><\/p>\n\n\n\n<p><a href=\"https:\/\/www.riigiteataja.ee\/akt\/421102025019\">V\u00e4ndra Lasteaia p\u00f5him\u00e4\u00e4rus<\/a><\/p>\n\n\n\n<p><a href=\"https:\/\/www.riigiteataja.ee\/akt\/411122025004\">Lasteaeda vastuv\u00f5tmise ja v\u00e4ljaarvamise kord<\/a><\/p>\n\n\n\n<p><a href=\"https:\/\/www.riigiteataja.ee\/akt\/429082025062\">Lasteaia rahastamisel lapsevanema osalustasu suuruse kinnitamine<\/a><\/p>\n\n\n\n<p><a href=\"https:\/\/vandralasteaed.pparnumaa.ee\/wp-content\/uploads\/2020\/03\/V\u00e4ndra-Lasteaia-andmekaitsetingimused.pdf\">V\u00e4ndra Lasteaia andmekaitsetingimused<\/a><\/p>\n\n\n\n<p><a href=\"https:\/\/vandralasteaed.pparnumaa.ee\/wp-content\/uploads\/2021\/02\/Pedagoogi-vaba-ametikoha-konkursi-kord.pdf\">Pedagoogi vaba ametikoha konkursi kord<\/a><\/p>\n\n\n\n<p><a href=\"https:\/\/vandralasteaed.pparnumaa.ee\/wp-content\/uploads\/2023\/09\/Rahulolukusitlus-lapsevanematele-2023.pdf\">Rahuloluk\u00fcsitlus lapsevanematele 2023<\/a><\/p>\n\n\n\n<p><a href=\"https:\/\/vandralasteaed.pparnumaa.ee\/wp-content\/uploads\/2024\/11\/Rahulolukusitluse-kokkuvote-2024-VLA-2.pdf\">Rahuloluk\u00fcsitluse kokkuv\u00f5te-2024<\/a><\/p>\n\n\n\n<p><a href=\"https:\/\/vandralasteaed.pparnumaa.ee\/wp-content\/uploads\/2025\/09\/Vandra-lasteaia-huviringide-osalustasu-kehtestamine-1.pdf\">Kunstiringi osalustasu<\/a><\/p>\n\n\n\n<p><a href=\"https:\/\/www.riigiteataja.ee\/akt\/425112025003\">P\u00f5hja-P\u00e4rnumaa valla \u00fcldhariduskoolide ja lasteaedade hoolekogude moodustamine ja t\u00f6\u00f6kord<\/a><\/p>\n\n\n\n<figure class=\"wp-block-gallery has-nested-images columns-default is-cropped wp-block-gallery-1 is-layout-flex wp-block-gallery-is-layout-flex\"><\/figure>\n\n\n\n<p><strong><em>BLANKETID<\/em><\/strong><\/p>\n\n\n\n<p><strong>P\u00f5hja-P\u00e4rnumaa valla lasteaeda lapse vastuv\u00f5tmiseks, lasteaiast lahkumiseks ning osalustasu vabastuseks t\u00e4ita avaldus Spoku keskkonnas, link altpoolt leitav<\/strong><\/p>\n\n\n\n<p><a href=\"https:\/\/piksel.ee\/spoku\/pparnumaa\/index.php?module=208&amp;op=0\">https:\/\/piksel.ee\/spoku\/pparnumaa\/index.php?module=208&amp;op=0<\/a><\/p>\n\n\n\n<p><\/p>\n\n\n\n<p>SPOKU-sse sisenemise v\u00f5imaluse puudumisel t\u00e4ita avaldus allpool lingil:<\/p>\n\n\n\n<p class=\"has-small-font-size\"><a href=\"https:\/\/vandralasteaed.pparnumaa.ee\/wp-content\/uploads\/2023\/05\/Avaldus-osalustasu.rtf\">Avaldus osalustasu<\/a><\/p>\n\n\n\n<div class=\"wp-block-group has-medium-font-size\"><div class=\"wp-block-group__inner-container is-layout-constrained wp-block-group-is-layout-constrained\">\n<div class=\"wp-block-file\"><a id=\"wp-block-file--media-2f96bc29-f77a-4710-9588-1f9db46d2ea0\" href=\"https:\/\/vandralasteaed.pparnumaa.ee\/wp-content\/uploads\/2024\/09\/Lapsevanema-volitus-alaealisele-pereliikmele-voi-teisele-isikule-lapse-ulenandmiseks.docx\">Lapsevanema-volitus-alaealisele-pereliikmele-voi-teisele-isikule-lapse-ulenandmiseks<\/a><\/div>\n<\/div><\/div>\n\n\n\n<p><a href=\"https:\/\/vandralasteaed.pparnumaa.ee\/wp-content\/uploads\/2026\/04\/lasteaeda-vastuvott-blankett-1.odt\">Lasteaeda vastuv\u00f5tmise avaldus<\/a><\/p>\n\n\n\n<div class=\"wp-block-group\"><div class=\"wp-block-group__inner-container is-layout-constrained wp-block-group-is-layout-constrained\">\n<div class=\"wp-block-file\"><a id=\"wp-block-file--media-7e91bd11-933f-492a-841e-09e6d86229b0\" href=\"https:\/\/vandralasteaed.pparnumaa.ee\/?attachment_id=17758\">Lasteaiast-valjaarvamise-avaldus-1-5-1<\/a><\/div>\n<\/div><\/div>\n\n\n\n<div class=\"wp-block-group has-medium-font-size\"><div class=\"wp-block-group__inner-container is-layout-constrained wp-block-group-is-layout-constrained\"><\/div><\/div>\n","protected":false},"excerpt":{"rendered":"<p>Vandra_ Lasteaia_ arengukava_2025-2027 V\u00e4ndra Lasteaia p\u00f5him\u00e4\u00e4rus Lasteaeda vastuv\u00f5tmise ja v\u00e4ljaarvamise kord Lasteaia rahastamisel lapsevanema osalustasu suuruse kinnitamine V\u00e4ndra Lasteaia andmekaitsetingimused Pedagoogi vaba ametikoha konkursi kord Rahuloluk\u00fcsitlus lapsevanematele 2023 Rahuloluk\u00fcsitluse kokkuv\u00f5te-2024 Kunstiringi osalustasu P\u00f5hja-P\u00e4rnumaa valla \u00fcldhariduskoolide ja lasteaedade hoolekogude moodustamine ja t\u00f6\u00f6kord BLANKETID P\u00f5hja-P\u00e4rnumaa valla lasteaeda lapse vastuv\u00f5tmiseks, lasteaiast lahkumiseks ning osalustasu vabastuseks t\u00e4ita avaldus Spoku &hellip; <a href=\"https:\/\/vandralasteaed.pparnumaa.ee\/?page_id=619\" class=\"more-link\">Loe edasi<span class=\"screen-reader-text\"> &#8220;Dokumendid&#8221;<\/span><\/a><\/p>\n","protected":false},"author":1,"featured_media":0,"parent":556,"menu_order":2,"comment_status":"closed","ping_status":"open","template":"","meta":{"ngg_post_thumbnail":0,"footnotes":""},"_links":{"self":[{"href":"https:\/\/vandralasteaed.pparnumaa.ee\/index.php?rest_route=\/wp\/v2\/pages\/619"}],"collection":[{"href":"https:\/\/vandralasteaed.pparnumaa.ee\/index.php?rest_route=\/wp\/v2\/pages"}],"about":[{"href":"https:\/\/vandralasteaed.pparnumaa.ee\/index.php?rest_route=\/wp\/v2\/types\/page"}],"author":[{"embeddable":true,"href":"https:\/\/vandralasteaed.pparnumaa.ee\/index.php?rest_route=\/wp\/v2\/users\/1"}],"replies":[{"embeddable":true,"href":"https:\/\/vandralasteaed.pparnumaa.ee\/index.php?rest_route=%2Fwp%2Fv2%2Fcomments&post=619"}],"version-history":[{"count":79,"href":"https:\/\/vandralasteaed.pparnumaa.ee\/index.php?rest_route=\/wp\/v2\/pages\/619\/revisions"}],"predecessor-version":[{"id":17781,"href":"https:\/\/vandralasteaed.pparnumaa.ee\/index.php?rest_route=\/wp\/v2\/pages\/619\/revisions\/17781"}],"up":[{"embeddable":true,"href":"https:\/\/vandralasteaed.pparnumaa.ee\/index.php?rest_route=\/wp\/v2\/pages\/556"}],"wp:attachment":[{"href":"https:\/\/vandralasteaed.pparnumaa.ee\/index.php?rest_route=%2Fwp%2Fv2%2Fmedia&parent=619"}],"curies":[{"name":"wp","href":"https:\/\/api.w.org\/{rel}","templated":true}]}}