{"id":622,"date":"2011-10-29T21:23:22","date_gmt":"2011-10-29T19:23:22","guid":{"rendered":"http:\/\/www.vandralasteaed.eu\/?page_id=622"},"modified":"2025-10-14T17:46:06","modified_gmt":"2025-10-14T15:46:06","slug":"oppe-kasvatustoo","status":"publish","type":"page","link":"https:\/\/vandralasteaed.pparnumaa.ee\/?page_id=622","title":{"rendered":"\u00d5ppe- kasvatust\u00f6\u00f6"},"content":{"rendered":"<p>V\u00e4ndra Lasteaed asub P\u00e4rnu maakonnas, P\u00f5hja-P\u00e4rnumaa vallas.<\/p>\n<p>V\u00e4ndra Lasteaed on avatud 7.00-18.00<\/p>\n<p>V\u00e4ndra Lasteaed on 12-r\u00fchmaline lasteaed, mis tegutseb kolmes majas. Lasteaias on kaks s\u00f5imer\u00fchma, seitse aiar\u00fchma, kaks liitr\u00fchm ning v\u00e4iker\u00fchm, kus t\u00f6\u00f6tavad eripedagoogilise t\u00e4iend\u00f5ppe l\u00e4binud \u00f5petajad, logopeed\/eripedagoog, abi\u00f5petaja ning tugiisik.&nbsp;<\/p>\n<p>Lasteaias toimub \u00f5ppe- ja kasvatust\u00f6\u00f6 eesti keeles.<\/p>\n<p><strong>Missioon<\/strong> &#8211; Oleme j\u00e4tkusuutliku, motiveeriva \u00f5pi- ja m\u00e4ngukeskkonnaga lasteaed, kes toetab iseendaga toimetuleva isiksuse kujunemist.<\/p>\n<p><strong>Visioon<\/strong>&#8211; V\u00e4ndra Lasteaed loob igale lapsele koost\u00f6\u00f6s lapsevanemate ja huvigruppidega v\u00f5imalused kvaliteetse alushariduse omandamiseks, kujundades selliseid teadmisi, oskusi ja v\u00e4\u00e4rtushinnanguid, mis v\u00f5imaldavad lastel j\u00e4tkata haridusteed iseseisva ja vastutustundliku \u00fchiskonna liikmena.<\/p>\n<p>V\u00e4ndra Lasteaia personal ja lapsevanemad peavad igap\u00e4eva t\u00f6\u00f6s ja suhetes oluliseks j\u00e4rgmisi v\u00e4\u00e4rtusi:<\/p>\n<p><strong>KOOST\u00d6\u00d6<\/strong> &#8211;&nbsp;EELARVAMUSTE VABA,&nbsp;\u00d5IGUS OMA ARVAMUSELE,&nbsp;KESKENDUMINE POSITIIVSELE,&nbsp;\u00dcKSTEISEGA ARVESTAMINE,&nbsp;\u00dcKSMEELE SAAVUTAMINE,&nbsp;V\u00d5IMETEKOHANE PANUSTAMINE,&nbsp;KAASAMINE,&nbsp;LAHENDUSTELE KESKENDUMINE<\/p>\n<p><strong>PROFESSIONAALSUS<\/strong>&#8211;&nbsp;HARIDUS, HARITUS,&nbsp;OSKUS OLUKORDI LAHENDADA,&nbsp;N\u00d5USTAMINE,&nbsp;ENESET\u00c4IENDAMINE,&nbsp;KOOST\u00d6\u00d6,&nbsp;POSITIIVSUS,&nbsp;MITMEK\u00dcLGSUS,&nbsp;UUENDUSTEGA KAASAMINEMINE,&nbsp;OSKUS ENNAST AIDATA JA ABI VASTU V\u00d5TTA,&nbsp;MEISTERLIKKUS<\/p>\n<p><strong>AUSUS<\/strong>&#8211; ISEENDA VASTU AUS (ENDA VIGADE TUNNISTAMINE), AUS TEISTE VASTU, ENESEANAL\u00dc\u00dcS, T\u00d5E M\u00c4RKAMINE JA TUNNUSTAMINE, JULGUS \u00d5IGEST K\u00c4ITUDA (S\u00dcDAMETUNNISTUS, MINU V\u00c4\u00c4RTUSED), S\u00d5NADE JA TEGUDE \u00dcHTSUS, JULGUS T\u00d5TT \u00d6ELDA, SIIRUS<\/p>\n<p><strong>HOOLIVUS<\/strong>&#8211;&nbsp;ERINEVUSTE M\u00d5ISTMINE,&nbsp;TEISTEGA ARVESTAMINE,&nbsp;OSKUS KUULATA,&nbsp;KESKKONNA S\u00c4\u00c4STLIKUS (OLEN OSA MAAILMAST),&nbsp;ABIVALMIDUS,&nbsp;TUNNUSTAMINE, M\u00c4RKAMINE,&nbsp;EMPAATIA,&nbsp;VASTUTULELIKKUS,&nbsp;TEADMISTE JAGAMINE,&nbsp;KAASAMINE<\/p>\n<p><strong>S\u00d5BRALIKKUS<\/strong>&#8211;&nbsp;K\u00c4ITUN TEISTEGA NII NAGU SOOVIN, ET MINUGA K\u00c4ITUTAKSE,&nbsp;SUHETE HOIDMINE,&nbsp;OSKUS OLLA T\u00c4NULIK,&nbsp;POSITIIVNE HOIAK, MEELESTATUS<\/p>\n<p>\u00d5ppeaasta \u00fcldeesm\u00e4rk p\u00fcstitatakse ja kinnitatakse igal aasta augusti kuus pedagoogilise personali koosolekul. \u00dcldeesm\u00e4rk viiakse ellu l\u00e4bi l\u00f5imitud \u00f5ppe- ja kasvatustegevuse, arvestades laste \u00fcldoskusi, huvisid ja \u00fchiskonna m\u00f5jutusi.<\/p>\n<p>2025-2026 \u00f5ppeaasta \u00fcldeesm\u00e4rk: <b>Lasteaias on toetatud l\u00e4bi erinevate metoodiliste tegevuste lapse \u00f5pioskuse arengut, toetudes eesti lastekirjandusele, arvestades laste huvisid ning kaasates erinevaid huvigruppe.<\/b><\/p>\n<p>Lasteaia \u00fcrituste plaan koostatakse \u00f5ppeaasta alguses.&nbsp; Lasteaia \u00fcrituste plaani koostamisel l\u00e4htutakse lasteaia \u00f5ppeaasta eesm\u00e4rkidest, traditsioonilistest \u00fcritustest ja rahvuslikest t\u00e4htp\u00e4evadest.<\/p>\n<p>R\u00fchma \u00f5ppe- ja kasvatustegevuse korraldamiseks koostab r\u00fchmameeskond kuuplaani\/projektiplaani l\u00e4htudes lasteaia \u00f5ppekavast ja r\u00fchma tegevuskavast.&nbsp;<\/p>\n<p>R\u00fchma kuuplaan\/projektiplaan on lapsevanemale n\u00e4htav keskkonnas ELIIS.<br \/>\nMuusikategevusi viivad l\u00e4bi lasteaia muusika\u00f5petajad. Liikumistegevusi viivad l\u00e4bi liikumis\u00f5petajad. Lasteaial on&nbsp; TEL meeskond, kelle eestvedamisel toimub tervisedenduslik t\u00f6\u00f6. Ajaliselt on \u00e4ra m\u00e4\u00e4ratud muusika- ja liikumistegevuste algused. Teisi \u00f5ppetegevusi v\u00f5ib \u00f5petaja alustada vastavalt oma r\u00fchma tegemistele. \u00d5petajal on \u00f5igus varieerida oma tegevuste liike s\u00f5ltuvalt teemast, huvist, saadaolevast materjalist ja v\u00f5imalustest.<\/p>\n<p>Lasteaia tervisemeeskonda kuuluvad erineva valdkonna t\u00f6\u00f6tajad, kes teevad kaks korda aastas t\u00f6\u00f6plaani, mis sisaldab tervist edendavaid tegevusi nii lastele kui personalile.<\/p>\n<p>Lasteaias on moodustatud n\u00f5ustamise tugigrupp, kuhu kuuluvad juhtkond ja erialaspetsialistid, kes tegelevad individuaalsete juhtumitega r\u00fchma meeskonna poolt m\u00e4rgatud probleemi puhul. Vastavalt vajadusele kaasatakse teisi spetsialiste v\u00e4ljaspool asutust (P\u00e4rnu Rajaleidjast, vallavalitsusest jms). Arengulise erivajadusega lapsi toetavad r\u00fchma personal ning tugispetsialistid. HEV-kordinaatori \u00fclesandeid t\u00e4idab \u00f5ppejuht.<\/p>\n<p>V\u00e4ndra Lasteaed juhindub alushariduse seadusest, p\u00f5hikooli- ja g\u00fcmnaasiumiseadusest, kohaliku omavalitsuse korralduse seadusest, teistest \u00f5igusaktidest ja oma p\u00f5him\u00e4\u00e4rusest.<\/p>\n<p><strong>V\u00c4NDRA LASTEAIA&nbsp; \u00d5PPEKAVA ON ASUTUSESISESEKS KASUTAMISEKS PABERKANDJAL LASTEAIAS. LAPSEVANEMAL V\u00d5IMALUS KOHAPEAL LUGEDA.<br \/>\n<\/strong><\/p>\n","protected":false},"excerpt":{"rendered":"<p>V\u00e4ndra Lasteaed asub P\u00e4rnu maakonnas, P\u00f5hja-P\u00e4rnumaa vallas. V\u00e4ndra Lasteaed on avatud 7.00-18.00 V\u00e4ndra Lasteaed on 12-r\u00fchmaline lasteaed, mis tegutseb kolmes majas. Lasteaias on kaks s\u00f5imer\u00fchma, seitse aiar\u00fchma, kaks liitr\u00fchm ning v\u00e4iker\u00fchm, kus t\u00f6\u00f6tavad eripedagoogilise t\u00e4iend\u00f5ppe l\u00e4binud \u00f5petajad, logopeed\/eripedagoog, abi\u00f5petaja ning tugiisik.&nbsp; Lasteaias toimub \u00f5ppe- ja kasvatust\u00f6\u00f6 eesti keeles. Missioon &#8211; Oleme j\u00e4tkusuutliku, motiveeriva \u00f5pi- ja &hellip; <a href=\"https:\/\/vandralasteaed.pparnumaa.ee\/?page_id=622\" class=\"more-link\">Loe edasi<span class=\"screen-reader-text\"> &#8220;\u00d5ppe- kasvatust\u00f6\u00f6&#8221;<\/span><\/a><\/p>\n","protected":false},"author":1,"featured_media":0,"parent":556,"menu_order":3,"comment_status":"closed","ping_status":"open","template":"","meta":{"ngg_post_thumbnail":0,"footnotes":""},"_links":{"self":[{"href":"https:\/\/vandralasteaed.pparnumaa.ee\/index.php?rest_route=\/wp\/v2\/pages\/622"}],"collection":[{"href":"https:\/\/vandralasteaed.pparnumaa.ee\/index.php?rest_route=\/wp\/v2\/pages"}],"about":[{"href":"https:\/\/vandralasteaed.pparnumaa.ee\/index.php?rest_route=\/wp\/v2\/types\/page"}],"author":[{"embeddable":true,"href":"https:\/\/vandralasteaed.pparnumaa.ee\/index.php?rest_route=\/wp\/v2\/users\/1"}],"replies":[{"embeddable":true,"href":"https:\/\/vandralasteaed.pparnumaa.ee\/index.php?rest_route=%2Fwp%2Fv2%2Fcomments&post=622"}],"version-history":[{"count":23,"href":"https:\/\/vandralasteaed.pparnumaa.ee\/index.php?rest_route=\/wp\/v2\/pages\/622\/revisions"}],"predecessor-version":[{"id":17468,"href":"https:\/\/vandralasteaed.pparnumaa.ee\/index.php?rest_route=\/wp\/v2\/pages\/622\/revisions\/17468"}],"up":[{"embeddable":true,"href":"https:\/\/vandralasteaed.pparnumaa.ee\/index.php?rest_route=\/wp\/v2\/pages\/556"}],"wp:attachment":[{"href":"https:\/\/vandralasteaed.pparnumaa.ee\/index.php?rest_route=%2Fwp%2Fv2%2Fmedia&parent=622"}],"curies":[{"name":"wp","href":"https:\/\/api.w.org\/{rel}","templated":true}]}}